{"id":16348,"date":"2016-07-26T13:25:01","date_gmt":"2016-07-26T11:25:01","guid":{"rendered":"https:\/\/www.ilsen-gmbh.de\/fr\/?page_id=16348"},"modified":"2018-06-21T14:59:20","modified_gmt":"2018-06-21T12:59:20","slug":"page-daccueil","status":"publish","type":"page","link":"https:\/\/www.ilsen-gmbh.de\/fr\/","title":{"rendered":"Page d\u2019accueil"},"content":{"rendered":"<p><div class=\"fusion-fullwidth fullwidth-box fusion-builder-row-1 nonhundred-percent-fullwidth non-hundred-percent-height-scrolling\" style=\"background-color: rgba(255,255,255,0);background-position: left top;background-repeat: no-repeat;padding-top:20px;padding-right:0px;padding-bottom:0px;padding-left:0px;margin-bottom: 0px;margin-top: 0px;border-width: 0px 0px 0px 0px;border-color:#eae9e9;border-style:solid;\" ><div class=\"fusion-builder-row fusion-row\"><div class=\"fusion-layout-column fusion_builder_column fusion-builder-column-0 fusion_builder_column_1_1 1_1 fusion-one-full fusion-column-first fusion-column-last fusion-column-no-min-height\" style=\"margin-top:0px;margin-bottom:0px;\"><div class=\"fusion-column-wrapper fusion-flex-column-wrapper-legacy\" style=\"background-position:left top;background-repeat:no-repeat;-webkit-background-size:cover;-moz-background-size:cover;-o-background-size:cover;background-size:cover;padding: 0px 0px 0px 0px;\"><style type='text\/css'>.reading-box-container-1 .element-bottomshadow:before,.reading-box-container-1 .element-bottomshadow:after{opacity:0.7;}<\/style><div class=\"fusion-reading-box-container reading-box-container-1\" style=\"margin-top:0px;margin-bottom:84px;\"><div class=\"reading-box\" style=\"background-color:#f2efef;border-width:1px;border-color:#f6f6f6;border-left-width:3px;border-left-color:var(--primary_color);border-style:solid;\"><a class=\"button fusion-button button-blue fusion-button-large button-large button-flat fusion-desktop-button fusion-tagline-button continue fusion-desktop-button-margin continue-right\" style=\"-webkit-box-shadow:none;-moz-box-shadow:none;box-shadow:none;border-radius:0px 0px 0px 0px\" href=\"https:\/\/www.ilsen-gmbh.de\/produkte\/\" target=\"_self\"><span>Aller vers les produits<\/span><\/a><div class=\"reading-box-additional\"><img decoding=\"async\" class=\"alignleft size-full wp-image-51\" src=\"https:\/\/www.ilsen-gmbh.de\/wp-content\/uploads\/verpackungsarten.png\" alt=\"verpackungsarten\" width=\"287\" height=\"140\" \/><\/p>\n<h2>Vous avez besoin d\u2019une solution sur mesure pour l\u2019emballage de vos produits?<\/h2>\n<div class=\"reading-box-description\">Vous \u00eates bien \u00e0 la bonne adresse ! D\u00e9couvrez notre gamme compl\u00e8te allant de la bo\u00eete de 480 g au seau de 20 litres et plus.<\/div>\n<\/div><div class=\"fusion-clearfix\"><\/div><a class=\"button fusion-button button-blue fusion-button-large button-large button-flat fusion-mobile-button continue-right\" style=\"-webkit-box-shadow:none;-moz-box-shadow:none;box-shadow:none;border-radius:0px 0px 0px 0px\" href=\"https:\/\/www.ilsen-gmbh.de\/produkte\/\" target=\"_self\"><span>Aller vers les produits<\/span><\/a><\/div><\/div><div class=\"fusion-clearfix\"><\/div><\/div><\/div><\/div><\/div><div class=\"fusion-fullwidth fullwidth-box fusion-builder-row-2 hundred-percent-fullwidth non-hundred-percent-height-scrolling\" style=\"background-color: rgba(255,255,255,0);background-position: center center;background-repeat: no-repeat;padding-top:0px;padding-right:0px;padding-bottom:0px;padding-left:0px;margin-bottom: 0px;margin-top: -20px;border-width: 0px 0px 0px 0px;border-color:#eae9e9;border-style:solid;\" ><div class=\"fusion-builder-row fusion-row\"><div class=\"fusion-layout-column fusion_builder_column fusion-builder-column-1 fusion_builder_column_1_1 1_1 fusion-one-full fusion-column-first fusion-column-last fusion-column-no-min-height\" style=\"margin-top:0px;margin-bottom:0px;\"><div class=\"fusion-column-wrapper fusion-flex-column-wrapper-legacy\" style=\"background-position:left top;background-repeat:no-repeat;-webkit-background-size:cover;-moz-background-size:cover;-o-background-size:cover;background-size:cover;padding: 0px 0px 0px 0px;\"><div class=\"fusion-sep-clear\"><\/div><div class=\"fusion-separator fusion-full-width-sep\" style=\"margin-left: auto;margin-right: auto;width:100%;\"><\/div><div class=\"fusion-sep-clear\"><\/div><div class=\"fusion-clearfix\"><\/div><\/div><\/div><\/div><style type=\"text\/css\">.fusion-fullwidth.fusion-builder-row-2 { overflow:visible; }<\/style><\/div><div class=\"fusion-fullwidth fullwidth-box fusion-builder-row-3 nonhundred-percent-fullwidth non-hundred-percent-height-scrolling\" style=\"background-color: rgba(255,255,255,0);background-position: left top;background-repeat: no-repeat;padding-top:0px;padding-right:0px;padding-bottom:20px;padding-left:0px;margin-bottom: 0px;margin-top: 0px;border-width: 0px 0px 0px 0px;border-color:#eae9e9;border-style:solid;\" ><div class=\"fusion-builder-row fusion-row\"><div class=\"fusion-layout-column fusion_builder_column fusion-builder-column-2 fusion_builder_column_1_1 1_1 fusion-one-full fusion-column-first fusion-column-last fusion-column-no-min-height\" style=\"margin-top:0px;margin-bottom:0px;\"><div class=\"fusion-column-wrapper fusion-flex-column-wrapper-legacy\" style=\"background-position:left top;background-repeat:no-repeat;-webkit-background-size:cover;-moz-background-size:cover;-o-background-size:cover;background-size:cover;padding: 0px 0px 0px 0px;\"><style type=\"text\/css\"><\/style><div class=\"fusion-title title fusion-title-1 fusion-title-text fusion-title-size-one\" style=\"margin-top:0px;margin-right:0px;margin-bottom:31px;margin-left:0px;\"><h1 class=\"title-heading-left\" style=\"margin:0;\">Bienvenue chez le sp\u00e9cialiste des seaux en mati\u00e8re plastique.<\/h1><span class=\"awb-title-spacer\"><\/span><div class=\"title-sep-container\"><div class=\"title-sep sep-double sep-solid\" style=\"border-color:#e0dede;\"><\/div><\/div><\/div><div class=\"fusion-text fusion-text-1\"><p>En notre qualit\u00e9 de fabricant d\u2019emballages en mati\u00e8re plastique de qualit\u00e9 sup\u00e9rieure, nous disposons d\u2019une exp\u00e9rience de plus de 55 ans dans le moulage par injection. Nous proposons une vaste gamme de seaux d\u2019emballage et chaque commande est ex\u00e9cut\u00e9e de fa\u00e7on personnalis\u00e9e afin d\u2019emballer parfaitement vos produits. Un degr\u00e9 de pr\u00e9paration \u00e9lev\u00e9, une flexibilit\u00e9 et un service nous distinguent de la concurrence.  Des innovations et une qualit\u00e9 dans les produits ainsi que diverses options de garniture des articles compl\u00e8tent notre offre.<\/p>\n<\/div><div class=\"fusion-sep-clear\"><\/div><div class=\"fusion-separator fusion-full-width-sep\" style=\"margin-left: auto;margin-right: auto;margin-top:15px;width:100%;\"><\/div><div class=\"fusion-sep-clear\"><\/div><div class=\"fusion-clearfix\"><\/div><\/div><\/div><\/div><\/div><div class=\"fusion-fullwidth fullwidth-box fusion-builder-row-4 hundred-percent-fullwidth non-hundred-percent-height-scrolling\" style=\"background-color: rgba(255,255,255,0);background-position: center center;background-repeat: no-repeat;padding-top:0px;padding-right:0px;padding-bottom:0px;padding-left:0px;margin-bottom: 0px;margin-top: 0px;border-width: 0px 0px 0px 0px;border-color:#eae9e9;border-style:solid;\" ><div class=\"fusion-builder-row fusion-row\"><div class=\"fusion-layout-column fusion_builder_column fusion-builder-column-3 fusion_builder_column_1_2 1_2 fusion-one-half fusion-column-first\" style=\"width:48%; margin-right: 4%;margin-top:0px;margin-bottom:20px;\"><div class=\"fusion-column-wrapper fusion-flex-column-wrapper-legacy\" style=\"background-position:left top;background-repeat:no-repeat;-webkit-background-size:cover;-moz-background-size:cover;-o-background-size:cover;background-size:cover;padding: 0px 0px 0px 0px;\"><div class=\"fusion-sep-clear\"><\/div><div class=\"fusion-separator fusion-full-width-sep\" style=\"margin-left: auto;margin-right: auto;margin-top:5px;width:100%;\"><\/div><div class=\"fusion-sep-clear\"><\/div><span class=\" fusion-imageframe imageframe-none imageframe-1 hover-type-none\" style=\"margin-right:25px;float:left;\"><img decoding=\"async\" width=\"800\" height=\"463\" alt=\"Ilsen Aussenansicht\" title=\"bild-ilsen\" src=\"https:\/\/www.ilsen-gmbh.de\/wp-content\/uploads\/bild-ilsen.jpg\" class=\"img-responsive wp-image-17581\"\/><\/span><div class=\"fusion-clearfix\"><\/div><\/div><\/div><div class=\"fusion-layout-column fusion_builder_column fusion-builder-column-4 fusion_builder_column_1_2 1_2 fusion-one-half fusion-column-last\" style=\"width:48%;margin-top:0px;margin-bottom:20px;\"><div class=\"fusion-column-wrapper fusion-flex-column-wrapper-legacy\" style=\"background-position:left top;background-repeat:no-repeat;-webkit-background-size:cover;-moz-background-size:cover;-o-background-size:cover;background-size:cover;padding: 0px 0px 0px 0px;\"><style type=\"text\/css\"><\/style><div class=\"fusion-title title fusion-title-2 fusion-title-text fusion-title-size-two\" style=\"margin-top:0px;margin-right:0px;margin-bottom:31px;margin-left:0px;\"><h2 class=\"title-heading-left\" style=\"margin:0;\">Votre partenaire de confiance!<\/h2><span class=\"awb-title-spacer\"><\/span><div class=\"title-sep-container\"><div class=\"title-sep sep-double sep-solid\" style=\"border-color:#e0dede;\"><\/div><\/div><\/div><div class=\"fusion-text fusion-text-2\"><p class=\"p1\">Nous sommes un fournisseur de mat\u00e9riaux d\u2019emballage fiable qui met \u00e0 votre disposition des articles de qualit\u00e9 sup\u00e9rieure. \u00c0 cet \u00e9gard, il nous est important de prendre en consid\u00e9ration vos exigences et besoins sp\u00e9cifiques pour ce qui est de la conception de vos emballages.<\/p>\n<p>Une flexibilit\u00e9 face aux contraintes de la client\u00e8le est un \u00e9l\u00e9ment qui nous distingue de la concurrence. Notre bureau d\u2019\u00e9tudes qui dispose de son atelier de confection d\u2019outillage nous permet de satisfaire directement vos exigences en mati\u00e8re d\u2019emballage.<\/p>\n<p>L\u2019exigence de qualit\u00e9 \u00e9lev\u00e9e de nos produits vous garantit, aussi un produit qui satisfait \u00e0 toutes les exigences en mati\u00e8re d\u2019hygi\u00e8ne, stabilit\u00e9 et faisabilit\u00e9.<\/p>\n<\/div><div class=\"fusion-clearfix\"><\/div><\/div><\/div><div class=\"fusion-layout-column fusion_builder_column fusion-builder-column-5 fusion_builder_column_1_1 1_1 fusion-one-full fusion-column-first fusion-column-last fusion-column-no-min-height\" style=\"margin-top:0px;margin-bottom:0px;\"><div class=\"fusion-column-wrapper fusion-flex-column-wrapper-legacy\" style=\"background-position:left top;background-repeat:no-repeat;-webkit-background-size:cover;-moz-background-size:cover;-o-background-size:cover;background-size:cover;padding: 0px 0px 0px 0px;\"><div class=\"fusion-sep-clear\"><\/div><div class=\"fusion-separator fusion-full-width-sep\" style=\"margin-left: auto;margin-right: auto;margin-top:30px;width:100%;\"><\/div><div class=\"fusion-sep-clear\"><\/div><div class=\"fusion-text fusion-text-3\"><h3>Weitere Informationen zu unseren Produkten:<\/h3>\n<\/div><div class=\"fusion-clearfix\"><\/div><\/div><\/div><div class=\"fusion-layout-column fusion_builder_column fusion-builder-column-6 fusion_builder_column_1_2 1_2 fusion-one-half fusion-column-first\" style=\"width:48%; margin-right: 4%;margin-top:0px;margin-bottom:20px;\"><div class=\"fusion-column-wrapper fusion-flex-column-wrapper-legacy\" style=\"background-position:left top;background-repeat:no-repeat;-webkit-background-size:cover;-moz-background-size:cover;-o-background-size:cover;background-size:cover;padding: 0px 0px 0px 0px;\"><ul class=\"fusion-checklist fusion-checklist-1\" style=\"font-size:13px;line-height:22.1px;\"><li style=\"background-color:rgba(255,255,255,0);\" class=\"fusion-li-item\"><span style=\"height:22.1px;width:22.1px;margin-right:9.1px;\" class=\"icon-wrapper circle-no\"><i class=\"fusion-li-icon fa fa-chevron-right\" style=\"color:#0376d7;\" aria-hidden=\"true\"><\/i><\/span><div class=\"fusion-li-item-content\" style=\"margin-left:31.2px;color:var(--awb-color8);\"><a href=\"https:\/\/www.ilsen-gmbh.de\/industrieeimer\/\" title=\"Industrieeimer\">Industrieeimer<\/a><\/div><\/li><li style=\"background-color:rgba(255,255,255,0);\" class=\"fusion-li-item\"><span style=\"height:22.1px;width:22.1px;margin-right:9.1px;\" class=\"icon-wrapper circle-no\"><i class=\"fusion-li-icon fa fa-chevron-right\" style=\"color:#0376d7;\" aria-hidden=\"true\"><\/i><\/span><div class=\"fusion-li-item-content\" style=\"margin-left:31.2px;color:var(--awb-color8);\"><a href=\"https:\/\/www.ilsen-gmbh.de\/verpackungseimer\/\" title=\"Verpackungseimer\">Verpackungseimer<\/a><\/div><\/li><li style=\"background-color:rgba(255,255,255,0);\" class=\"fusion-li-item\"><span style=\"height:22.1px;width:22.1px;margin-right:9.1px;\" class=\"icon-wrapper circle-no\"><i class=\"fusion-li-icon fa fa-chevron-right\" style=\"color:#0376d7;\" aria-hidden=\"true\"><\/i><\/span><div class=\"fusion-li-item-content\" style=\"margin-left:31.2px;color:var(--awb-color8);\"><a href=\"https:\/\/www.ilsen-gmbh.de\/lebensmitteleimer\/\" title=\"Lebensmitteleimer\">Lebensmitteleimer<\/a><\/div><\/li><li style=\"background-color:rgba(255,255,255,0);\" class=\"fusion-li-item\"><span style=\"height:22.1px;width:22.1px;margin-right:9.1px;\" class=\"icon-wrapper circle-no\"><i class=\"fusion-li-icon fa fa-chevron-right\" style=\"color:#0376d7;\" aria-hidden=\"true\"><\/i><\/span><div class=\"fusion-li-item-content\" style=\"margin-left:31.2px;color:var(--awb-color8);\"><a href=\"https:\/\/www.ilsen-gmbh.de\/kunststoff-eimer\/\" title=\"Kunststoff-Eimer\">Kunststoff Eimer<\/a><\/div><\/li><\/ul><div class=\"fusion-clearfix\"><\/div><\/div><\/div><div class=\"fusion-layout-column fusion_builder_column fusion-builder-column-7 fusion_builder_column_1_2 1_2 fusion-one-half fusion-column-last\" style=\"width:48%;margin-top:0px;margin-bottom:20px;\"><div class=\"fusion-column-wrapper fusion-flex-column-wrapper-legacy\" style=\"background-position:left top;background-repeat:no-repeat;-webkit-background-size:cover;-moz-background-size:cover;-o-background-size:cover;background-size:cover;padding: 0px 0px 0px 0px;\"><ul class=\"fusion-checklist fusion-checklist-2\" style=\"font-size:13px;line-height:22.1px;\"><li style=\"background-color:rgba(255,255,255,0);\" class=\"fusion-li-item\"><span style=\"height:22.1px;width:22.1px;margin-right:9.1px;\" class=\"icon-wrapper circle-no\"><i class=\"fusion-li-icon fa fa-chevron-right\" style=\"color:#0376d7;\" aria-hidden=\"true\"><\/i><\/span><div class=\"fusion-li-item-content\" style=\"margin-left:31.2px;color:var(--awb-color8);\"><a href=\"https:\/\/www.ilsen-gmbh.de\/eimer-bedrucken\/\" title=\"Eimer bedrucken\">Eimer bedrucken<\/a><\/div><\/li><li style=\"background-color:rgba(255,255,255,0);\" class=\"fusion-li-item\"><span style=\"height:22.1px;width:22.1px;margin-right:9.1px;\" class=\"icon-wrapper circle-no\"><i class=\"fusion-li-icon fa fa-chevron-right\" style=\"color:#0376d7;\" aria-hidden=\"true\"><\/i><\/span><div class=\"fusion-li-item-content\" style=\"margin-left:31.2px;color:var(--awb-color8);\"><a href=\"https:\/\/www.ilsen-gmbh.de\/eimer-hersteller\/\" title=\"Eimer Hersteller\">Eimer Hersteller<\/a><\/div><\/li><li style=\"background-color:rgba(255,255,255,0);\" class=\"fusion-li-item\"><span style=\"height:22.1px;width:22.1px;margin-right:9.1px;\" class=\"icon-wrapper circle-no\"><i class=\"fusion-li-icon fa fa-chevron-right\" style=\"color:#0376d7;\" aria-hidden=\"true\"><\/i><\/span><div class=\"fusion-li-item-content\" style=\"margin-left:31.2px;color:var(--awb-color8);\"><a href=\"https:\/\/www.ilsen-gmbh.de\/plastik-eimer\/\" title=\"Plastik Eimer\">Plastik Eimer<\/a><\/div><\/li><\/ul><div class=\"fusion-clearfix\"><\/div><\/div><\/div><\/div><style type=\"text\/css\">.fusion-fullwidth.fusion-builder-row-4 { overflow:visible; }<\/style><\/div><\/p>\n","protected":false},"excerpt":{"rendered":"","protected":false},"author":1,"featured_media":0,"parent":0,"menu_order":0,"comment_status":"open","ping_status":"open","template":"","meta":[],"_links":{"self":[{"href":"https:\/\/www.ilsen-gmbh.de\/fr\/wp-json\/wp\/v2\/pages\/16348"}],"collection":[{"href":"https:\/\/www.ilsen-gmbh.de\/fr\/wp-json\/wp\/v2\/pages"}],"about":[{"href":"https:\/\/www.ilsen-gmbh.de\/fr\/wp-json\/wp\/v2\/types\/page"}],"author":[{"embeddable":true,"href":"https:\/\/www.ilsen-gmbh.de\/fr\/wp-json\/wp\/v2\/users\/1"}],"replies":[{"embeddable":true,"href":"https:\/\/www.ilsen-gmbh.de\/fr\/wp-json\/wp\/v2\/comments?post=16348"}],"version-history":[{"count":0,"href":"https:\/\/www.ilsen-gmbh.de\/fr\/wp-json\/wp\/v2\/pages\/16348\/revisions"}],"wp:attachment":[{"href":"https:\/\/www.ilsen-gmbh.de\/fr\/wp-json\/wp\/v2\/media?parent=16348"}],"curies":[{"name":"wp","href":"https:\/\/api.w.org\/{rel}","templated":true}]}}