{"id":16352,"date":"2016-07-26T14:25:02","date_gmt":"2016-07-26T12:25:02","guid":{"rendered":"https:\/\/www.ilsen-gmbh.de\/fr\/?page_id=16352"},"modified":"2018-06-21T14:59:15","modified_gmt":"2018-06-21T12:59:15","slug":"qui-sommes-nous","status":"publish","type":"page","link":"https:\/\/www.ilsen-gmbh.de\/fr\/qui-sommes-nous\/","title":{"rendered":"Qui sommes-nous"},"content":{"rendered":"<p><div class=\"fusion-fullwidth fullwidth-box fusion-builder-row-1 nonhundred-percent-fullwidth non-hundred-percent-height-scrolling\" style=\"background-color: rgba(255,255,255,0);background-position: left top;background-repeat: no-repeat;padding-top:20px;padding-right:0px;padding-bottom:20px;padding-left:0px;margin-bottom: 0px;margin-top: 0px;border-width: 0px 0px 0px 0px;border-color:#eae9e9;border-style:solid;\" ><div class=\"fusion-builder-row fusion-row\"><div class=\"fusion-layout-column fusion_builder_column fusion-builder-column-0 fusion_builder_column_1_1 1_1 fusion-one-full fusion-column-first fusion-column-last fusion-column-no-min-height\" style=\"margin-top:0px;margin-bottom:0px;\"><div class=\"fusion-column-wrapper fusion-flex-column-wrapper-legacy\" style=\"background-position:left top;background-repeat:no-repeat;-webkit-background-size:cover;-moz-background-size:cover;-o-background-size:cover;background-size:cover;padding: 0px 0px 0px 0px;\"><div class=\"fusion-text fusion-text-1\"><h1>Votre partenaire de confiance!<\/h1>\n<h2>Quand la tradition rencontre la modernit\u00e9<\/h2>\n<p>Depuis 1960, date de sa fondation, la soci\u00e9t\u00e9 Gerhard Ilsen GmbH &#038; Co. KG est reconnue pour ses plus hauts standards de qualit\u00e9, sa flexibilit\u00e9 et sa fiabilit\u00e9 ainsi que la confiance port\u00e9e envers sa client\u00e8le.<\/p>\n<p>B\u00e9n\u00e9ficiez de nos nombreuses ann\u00e9es d\u2019exp\u00e9rience dans le traitement des mati\u00e8res plastiques.<\/p>\n<p>Notre bureau d\u2019\u00e9tudes qui dispose de son atelier de confection d\u2019outillage nous permet de cibler les exigences de la client\u00e8le par rapport \u00e0 nos produits et de les r\u00e9aliser aussi vite que possible. Afin de concr\u00e9tiser vos id\u00e9es et vos besoins en mati\u00e8re d\u2019emballage de vos produits, nous vous offrons la possibilit\u00e9 de profiter des derni\u00e8res technologies, comme le marquage dans le moule (IML).<\/p>\n<p>Nos normes \u00e9lev\u00e9es de qualit\u00e9 et d\u2019hygi\u00e8ne permettent l\u2019utilisation de nos produits dans diff\u00e9rents domaines.<\/p>\n<\/div><div class=\"fusion-clearfix\"><\/div><\/div><\/div><\/div><\/div><div class=\"fusion-fullwidth fullwidth-box fusion-builder-row-2 hundred-percent-fullwidth non-hundred-percent-height-scrolling\" style=\"background-color: rgba(255,255,255,0);background-position: center center;background-repeat: no-repeat;padding-top:0px;padding-right:0px;padding-bottom:0px;padding-left:0px;margin-bottom: 0px;margin-top: 0px;border-width: 0px 0px 0px 0px;border-color:#eae9e9;border-style:solid;\" ><div class=\"fusion-builder-row fusion-row\"><div class=\"fusion-layout-column fusion_builder_column fusion-builder-column-1 fusion_builder_column_1_3 1_3 fusion-one-third fusion-column-first\" style=\"width:30.6666%; margin-right: 4%;margin-top:0px;margin-bottom:20px;\"><div class=\"fusion-column-wrapper fusion-flex-column-wrapper-legacy\" style=\"background-position:left top;background-repeat:no-repeat;-webkit-background-size:cover;-moz-background-size:cover;-o-background-size:cover;background-size:cover;padding: 0px 0px 0px 0px;\"><span class=\" fusion-imageframe imageframe-none imageframe-1 hover-type-none\"><img decoding=\"async\" width=\"500\" height=\"333\" alt=\"Ilsen Firmenschild\" title=\"ilsen-schild\" src=\"https:\/\/www.ilsen-gmbh.de\/wp-content\/uploads\/ilsen-schild.jpg\" class=\"img-responsive wp-image-16559\"\/><\/span><div class=\"fusion-clearfix\"><\/div><\/div><\/div><div class=\"fusion-layout-column fusion_builder_column fusion-builder-column-2 fusion_builder_column_1_3 1_3 fusion-one-third\" style=\"width:30.6666%; margin-right: 4%;margin-top:0px;margin-bottom:20px;\"><div class=\"fusion-column-wrapper fusion-flex-column-wrapper-legacy\" style=\"background-position:left top;background-repeat:no-repeat;-webkit-background-size:cover;-moz-background-size:cover;-o-background-size:cover;background-size:cover;padding: 0px 0px 0px 0px;\"><span class=\" fusion-imageframe imageframe-none imageframe-2 hover-type-none\"><img decoding=\"async\" width=\"500\" height=\"333\" alt=\"Bedruckte Verpackung\" title=\"bedruckte-verpackung\" src=\"https:\/\/www.ilsen-gmbh.de\/wp-content\/uploads\/bedruckte-verpackung.jpg\" class=\"img-responsive wp-image-16562\"\/><\/span><div class=\"fusion-clearfix\"><\/div><\/div><\/div><div class=\"fusion-layout-column fusion_builder_column fusion-builder-column-3 fusion_builder_column_1_3 1_3 fusion-one-third fusion-column-last\" style=\"width:30.6666%;margin-top:0px;margin-bottom:20px;\"><div class=\"fusion-column-wrapper fusion-flex-column-wrapper-legacy\" style=\"background-position:left top;background-repeat:no-repeat;-webkit-background-size:cover;-moz-background-size:cover;-o-background-size:cover;background-size:cover;padding: 0px 0px 0px 0px;\"><span class=\" fusion-imageframe imageframe-none imageframe-3 hover-type-none\"><img decoding=\"async\" width=\"500\" height=\"333\" alt=\"Lebensmittel Verpackung\" title=\"lebensmittel-verpackung\" src=\"https:\/\/www.ilsen-gmbh.de\/wp-content\/uploads\/lebensmittel-verpackung.jpg\" class=\"img-responsive wp-image-16565\"\/><\/span><div class=\"fusion-clearfix\"><\/div><\/div><\/div><\/div><style type=\"text\/css\">.fusion-fullwidth.fusion-builder-row-2 { overflow:visible; }<\/style><\/div><div class=\"fusion-fullwidth fullwidth-box fusion-builder-row-3 nonhundred-percent-fullwidth non-hundred-percent-height-scrolling\" style=\"background-color: rgba(255,255,255,0);background-position: left top;background-repeat: no-repeat;padding-top:20px;padding-right:0px;padding-bottom:20px;padding-left:0px;margin-bottom: 0px;margin-top: 0px;border-width: 0px 0px 0px 0px;border-color:#eae9e9;border-style:solid;\" ><div class=\"fusion-builder-row fusion-row\"><div class=\"fusion-layout-column fusion_builder_column fusion-builder-column-4 fusion_builder_column_1_1 1_1 fusion-one-full fusion-column-first fusion-column-last fusion-column-no-min-height\" style=\"margin-top:0px;margin-bottom:0px;\"><div class=\"fusion-column-wrapper fusion-flex-column-wrapper-legacy\" style=\"background-position:left top;background-repeat:no-repeat;-webkit-background-size:cover;-moz-background-size:cover;-o-background-size:cover;background-size:cover;padding: 0px 0px 0px 0px;\"><div class=\"fusion-text fusion-text-2\"><h3>Histoire de l\u2019entreprise<\/h3>\n<p>La soci\u00e9t\u00e9 Gerhard Ilsen GmbH &#038; co. KG a \u00e9t\u00e9 fond\u00e9e en 1960 par Gerhard Ilsen, d\u00e9c\u00e9d\u00e9 en 2014 et se trouve toujours dans le giron familial. \u00c0 l\u2019\u00e9poque, la fabrication de seaux d\u2019emballage en mati\u00e8re plastique repr\u00e9sentait une technologie tr\u00e8s moderne et innovante. Comme Monsieur Ilsen \u00e9tait l\u2019un des leaders sur le march\u00e9 allemand, il lui a \u00e9t\u00e9 possible avec une seule machine de mettre en place les bases de la soci\u00e9t\u00e9. La jeune entreprise fut rapidement connue pour ses produits de haute qualit\u00e9 et sa souplesse.<\/p>\n<p>En 1984, le si\u00e8ge social de l\u2019entreprise d\u00e9m\u00e9nagea de Stukenbrock pour s\u2019installer \u00e0 H\u00f6velhof. La construction des ateliers de fabrication et de zones de stockage permit de disposer des moyens suffisants pour la fabrication et le stockage des produits.<br \/>\nUn nouvel atelier de production d\u2019environ 2 000 m\u00b2 a \u00e9t\u00e9 acquis en janvier 2015.<\/p>\n<p>L\u2019exp\u00e9rience, la fiabilit\u00e9 et l\u2019utilisation des nouvelles technologies garantissent aussi la viabilit\u00e9 de l\u2019entreprise. M\u00eame au moment de la crise que connut le march\u00e9 des mati\u00e8res plastiques, l\u2019entreprise Ilsen r\u00e9ussit \u00e0 sortir son \u00e9pingle du jeu. Aujourd\u2019hui comme hier, l\u2019entreprise b\u00e9n\u00e9ficie de produits de qualit\u00e9 et jouit d\u2019une bonne r\u00e9putation. La qualit\u00e9 et la flexibilit\u00e9, ainsi que l\u2019identification des tendances ont \u00e9t\u00e9 des \u00e9l\u00e9ments favorables.<\/p>\n<p class=\"p1\">M. Peter Antp\u00f6hler qui dirige la soci\u00e9t\u00e9 Ilsen depuis 1998 en a renforc\u00e9 et d\u00e9velopp\u00e9 la position sur le march\u00e9 national. Notre entreprise a pu aussi continuer \u00e0 affirmer sa pr\u00e9sence sur les march\u00e9s internationaux. C\u2019est surtout en Europe qu\u2019il lui a \u00e9t\u00e9 possible de d\u00e9velopper de nouveaux march\u00e9s et de nouer de nouvelles relations d\u2019affaires. Aujourd\u2019hui, fournir des acheteurs \u00e9trangers constitue un facteur d\u00e9terminant pour le succ\u00e8s de l\u2019entreprise et sa pr\u00e9sence affirm\u00e9e sur le march\u00e9. Ce sont les membres de la famille Ilsen qui, par la suite, prendront en main l\u2019avenir de l\u2019entreprise.<\/p>\n<\/div><div class=\"fusion-clearfix\"><\/div><\/div><\/div><\/div><\/div><div class=\"fusion-fullwidth fullwidth-box fusion-builder-row-4 hundred-percent-fullwidth non-hundred-percent-height-scrolling\" style=\"background-color: rgba(255,255,255,0);background-position: center center;background-repeat: no-repeat;padding-top:0px;padding-right:0px;padding-bottom:0px;padding-left:0px;margin-bottom: 0px;margin-top: 0px;border-width: 0px 0px 0px 0px;border-color:#eae9e9;border-style:solid;\" ><div class=\"fusion-builder-row fusion-row\"><div class=\"fusion-layout-column fusion_builder_column fusion-builder-column-5 fusion_builder_column_1_3 1_3 fusion-one-third fusion-column-first\" style=\"width:30.6666%; margin-right: 4%;margin-top:0px;margin-bottom:20px;\"><div class=\"fusion-column-wrapper fusion-flex-column-wrapper-legacy\" style=\"background-position:left top;background-repeat:no-repeat;-webkit-background-size:cover;-moz-background-size:cover;-o-background-size:cover;background-size:cover;padding: 0px 0px 0px 0px;\"><span class=\" fusion-imageframe imageframe-none imageframe-4 hover-type-none\"><img decoding=\"async\" width=\"500\" height=\"333\" alt=\"Ilsen Aussenansicht\" title=\"ilsen-aussenansicht\" src=\"https:\/\/www.ilsen-gmbh.de\/wp-content\/uploads\/ilsen-aussenansicht.jpg\" class=\"img-responsive wp-image-16586\"\/><\/span><div class=\"fusion-clearfix\"><\/div><\/div><\/div><div class=\"fusion-layout-column fusion_builder_column fusion-builder-column-6 fusion_builder_column_1_3 1_3 fusion-one-third\" style=\"width:30.6666%; margin-right: 4%;margin-top:0px;margin-bottom:20px;\"><div class=\"fusion-column-wrapper fusion-flex-column-wrapper-legacy\" style=\"background-position:left top;background-repeat:no-repeat;-webkit-background-size:cover;-moz-background-size:cover;-o-background-size:cover;background-size:cover;padding: 0px 0px 0px 0px;\"><span class=\" fusion-imageframe imageframe-none imageframe-5 hover-type-none\"><img decoding=\"async\" width=\"500\" height=\"333\" alt=\"Ilsen Produktionshalle\" title=\"ilsen-produktionshalle\" src=\"https:\/\/www.ilsen-gmbh.de\/wp-content\/uploads\/ilsen-produktionshalle.jpg\" class=\"img-responsive wp-image-16571\"\/><\/span><div class=\"fusion-clearfix\"><\/div><\/div><\/div><div class=\"fusion-layout-column fusion_builder_column fusion-builder-column-7 fusion_builder_column_1_3 1_3 fusion-one-third fusion-column-last\" style=\"width:30.6666%;margin-top:0px;margin-bottom:20px;\"><div class=\"fusion-column-wrapper fusion-flex-column-wrapper-legacy\" style=\"background-position:left top;background-repeat:no-repeat;-webkit-background-size:cover;-moz-background-size:cover;-o-background-size:cover;background-size:cover;padding: 0px 0px 0px 0px;\"><span class=\" fusion-imageframe imageframe-none imageframe-6 hover-type-none\"><img decoding=\"async\" width=\"500\" height=\"333\" alt=\"Ilsen Produktionsablauf\" title=\"ilsen-produktionsablauf\" src=\"https:\/\/www.ilsen-gmbh.de\/wp-content\/uploads\/ilsen-produktionsablauf.jpg\" class=\"img-responsive wp-image-16574\"\/><\/span><div class=\"fusion-clearfix\"><\/div><\/div><\/div><\/div><style type=\"text\/css\">.fusion-fullwidth.fusion-builder-row-4 { overflow:visible; }<\/style><\/div><div class=\"fusion-fullwidth fullwidth-box fusion-builder-row-5 nonhundred-percent-fullwidth non-hundred-percent-height-scrolling\" style=\"background-color: rgba(255,255,255,0);background-position: left top;background-repeat: no-repeat;padding-top:20px;padding-right:0px;padding-bottom:20px;padding-left:0px;margin-bottom: 0px;margin-top: 0px;border-width: 0px 0px 0px 0px;border-color:#eae9e9;border-style:solid;\" ><div class=\"fusion-builder-row fusion-row\"><div class=\"fusion-layout-column fusion_builder_column fusion-builder-column-8 fusion_builder_column_1_1 1_1 fusion-one-full fusion-column-first fusion-column-last fusion-column-no-min-height\" style=\"margin-top:0px;margin-bottom:0px;\"><div class=\"fusion-column-wrapper fusion-flex-column-wrapper-legacy\" style=\"background-position:left top;background-repeat:no-repeat;-webkit-background-size:cover;-moz-background-size:cover;-o-background-size:cover;background-size:cover;padding: 0px 0px 0px 0px;\"><div class=\"fusion-text fusion-text-3\"><h3>De nos jours\/h3><br \/>\nL\u2019entreprise Gerhard Ilsen GmbH &#038; Co. KG est class\u00e9e parmi les entreprises de taille moyenne de la r\u00e9gion de Westphalie orientale. Actuellement, 60 personnes travaillent sur une surface de production totale de 6400 m\u00e8tres carr\u00e9s disposant d\u2019un parc moderne de machines de coul\u00e9e par injection de mati\u00e8re plastique de 24 machines de moulage pourvues d\u2019une force de fermeture de 85 \u00e0 550 t.<br \/>\nLe programme de production comprend la fabrication, selon les besoins, d\u2019emballages sp\u00e9cifiques en mati\u00e8re plastique, en particulier, pour l\u2019industrie alimentaire. Par ailleurs, nous disposons de notre propre imprimerie ce qui nous permet de r\u00e9aliser les projets de nos clients en s\u00e9rigraphie ou en impression offset. <\/p>\n<p>Un bureau d\u2019\u00e9tudes disposant d\u2019un atelier de confection d\u2019outillage compl\u00e8te notre programme de fabrication avec lequel nous pouvons r\u00e9pondre \u00e0 court terme aux exigences de la client\u00e8le. Notre exp\u00e9rience dans le domaine de la plasturgie nous impose d\u2019accorder une attention particuli\u00e8re au niveau de qualit\u00e9 de nos produits afin de garantir la satisfaction du client.<\/p>\n<\/div><div class=\"fusion-clearfix\"><\/div><\/div><\/div><\/div><\/div><div class=\"fusion-fullwidth fullwidth-box fusion-builder-row-6 hundred-percent-fullwidth non-hundred-percent-height-scrolling\" style=\"background-color: rgba(255,255,255,0);background-position: center center;background-repeat: no-repeat;padding-top:0px;padding-right:0px;padding-bottom:0px;padding-left:0px;margin-bottom: 0px;margin-top: 0px;border-width: 0px 0px 0px 0px;border-color:#eae9e9;border-style:solid;\" ><div class=\"fusion-builder-row fusion-row\"><div class=\"fusion-layout-column fusion_builder_column fusion-builder-column-9 fusion_builder_column_1_3 1_3 fusion-one-third fusion-column-first\" style=\"width:30.6666%; margin-right: 4%;margin-top:0px;margin-bottom:20px;\"><div class=\"fusion-column-wrapper fusion-flex-column-wrapper-legacy\" style=\"background-position:left top;background-repeat:no-repeat;-webkit-background-size:cover;-moz-background-size:cover;-o-background-size:cover;background-size:cover;padding: 0px 0px 0px 0px;\"><span class=\" fusion-imageframe imageframe-none imageframe-7 hover-type-none\"><img decoding=\"async\" width=\"500\" height=\"333\" alt=\"Produktionsprozess\" title=\"ilsen-produktionsprozess1\" src=\"https:\/\/www.ilsen-gmbh.de\/wp-content\/uploads\/ilsen-produktionsprozess1.jpg\" class=\"img-responsive wp-image-16577\"\/><\/span><div class=\"fusion-clearfix\"><\/div><\/div><\/div><div class=\"fusion-layout-column fusion_builder_column fusion-builder-column-10 fusion_builder_column_1_3 1_3 fusion-one-third\" style=\"width:30.6666%; margin-right: 4%;margin-top:0px;margin-bottom:20px;\"><div class=\"fusion-column-wrapper fusion-flex-column-wrapper-legacy\" style=\"background-position:left top;background-repeat:no-repeat;-webkit-background-size:cover;-moz-background-size:cover;-o-background-size:cover;background-size:cover;padding: 0px 0px 0px 0px;\"><span class=\" fusion-imageframe imageframe-none imageframe-8 hover-type-none\"><img decoding=\"async\" width=\"500\" height=\"333\" alt=\"Produktionsprozess2\" title=\"ilsen-produktionsprozess2\" src=\"https:\/\/www.ilsen-gmbh.de\/wp-content\/uploads\/ilsen-produktionsprozess2.jpg\" class=\"img-responsive wp-image-16580\"\/><\/span><div class=\"fusion-clearfix\"><\/div><\/div><\/div><div class=\"fusion-layout-column fusion_builder_column fusion-builder-column-11 fusion_builder_column_1_3 1_3 fusion-one-third fusion-column-last\" style=\"width:30.6666%;margin-top:0px;margin-bottom:20px;\"><div class=\"fusion-column-wrapper fusion-flex-column-wrapper-legacy\" style=\"background-position:left top;background-repeat:no-repeat;-webkit-background-size:cover;-moz-background-size:cover;-o-background-size:cover;background-size:cover;padding: 0px 0px 0px 0px;\"><span class=\" fusion-imageframe imageframe-none imageframe-9 hover-type-none\"><img decoding=\"async\" width=\"500\" height=\"333\" alt=\"Produktionsprozess3\" title=\"ilsen-produktionsprozess3\" src=\"https:\/\/www.ilsen-gmbh.de\/wp-content\/uploads\/ilsen-produktionsprozess3.jpg\" class=\"img-responsive wp-image-16583\"\/><\/span><div class=\"fusion-clearfix\"><\/div><\/div><\/div><\/div><style type=\"text\/css\">.fusion-fullwidth.fusion-builder-row-6 { overflow:visible; }<\/style><\/div><\/p>\n","protected":false},"excerpt":{"rendered":"","protected":false},"author":1,"featured_media":0,"parent":0,"menu_order":0,"comment_status":"open","ping_status":"open","template":"","meta":[],"_links":{"self":[{"href":"https:\/\/www.ilsen-gmbh.de\/fr\/wp-json\/wp\/v2\/pages\/16352"}],"collection":[{"href":"https:\/\/www.ilsen-gmbh.de\/fr\/wp-json\/wp\/v2\/pages"}],"about":[{"href":"https:\/\/www.ilsen-gmbh.de\/fr\/wp-json\/wp\/v2\/types\/page"}],"author":[{"embeddable":true,"href":"https:\/\/www.ilsen-gmbh.de\/fr\/wp-json\/wp\/v2\/users\/1"}],"replies":[{"embeddable":true,"href":"https:\/\/www.ilsen-gmbh.de\/fr\/wp-json\/wp\/v2\/comments?post=16352"}],"version-history":[{"count":0,"href":"https:\/\/www.ilsen-gmbh.de\/fr\/wp-json\/wp\/v2\/pages\/16352\/revisions"}],"wp:attachment":[{"href":"https:\/\/www.ilsen-gmbh.de\/fr\/wp-json\/wp\/v2\/media?parent=16352"}],"curies":[{"name":"wp","href":"https:\/\/api.w.org\/{rel}","templated":true}]}}